{"id":21,"date":"2025-03-11T14:26:25","date_gmt":"2025-03-11T14:26:25","guid":{"rendered":"https:\/\/panzer.com.br\/sansonepachecoadvocacia\/home\/"},"modified":"2026-03-25T20:55:35","modified_gmt":"2026-03-25T23:55:35","slug":"home","status":"publish","type":"page","link":"https:\/\/spacheco.adv.br\/","title":{"rendered":"Home"},"content":{"rendered":"\n<div class=\"wp-block-group alignfull has-background-background-color has-background has-global-padding is-layout-constrained wp-container-core-group-is-layout-91c234ab wp-block-group-is-layout-constrained\" style=\"min-height:800px;margin-top:0;margin-bottom:0;padding-top:0;padding-bottom:0;background-image:url(&apos;http:\/\/spacheco.adv.br\/wp-content\/uploads\/2025\/03\/sansone_banner.png&apos;);background-position:50% 50%;background-size:auto;background-attachment:scroll;\"><\/div>\n\n\n\n<div class=\"wp-block-group alignfull has-background-background-color has-background has-global-padding is-layout-constrained wp-container-core-group-is-layout-fec04136 wp-block-group-is-layout-constrained\" id=\"quemsomos\" style=\"margin-top:0;margin-bottom:0;padding-top:var(--wp--preset--spacing--40);padding-right:var(--wp--preset--spacing--30);padding-bottom:0;padding-left:var(--wp--preset--spacing--30)\">\n<div class=\"wp-block-group alignwide is-vertical is-layout-flex wp-container-core-group-is-layout-01814474 wp-block-group-is-layout-flex\">\n<h2 class=\"wp-block-heading has-text-align-left has-text-color has-link-color has-inter-font-family wp-elements-5c8d2fa20a4a5bd7d67212a281840ed3\" style=\"color:#0b203b\">Quem Somos<\/h2>\n\n\n\n<p class=\"has-text-align-left\">Fundada em 2010, Sansone Pacheco Advocacia \u00e9 especializada em advocacia empresarial, banc\u00e1ria, tribut\u00e1ria e arbitragem.<\/p>\n<\/div>\n\n\n\n<hr class=\"wp-block-separator has-text-color has-primary-color has-alpha-channel-opacity has-primary-background-color has-background is-style-dots\"\/>\n<\/div>\n\n\n\n<div class=\"wp-block-group alignfull has-background-background-color has-background has-global-padding is-layout-constrained wp-container-core-group-is-layout-fec04136 wp-block-group-is-layout-constrained\" id=\"lideranca\" style=\"margin-top:0;margin-bottom:0;padding-top:var(--wp--preset--spacing--40);padding-right:var(--wp--preset--spacing--30);padding-bottom:0;padding-left:var(--wp--preset--spacing--30)\">\n<div class=\"wp-block-group alignwide is-layout-flex wp-container-core-group-is-layout-958a53d5 wp-block-group-is-layout-flex\" style=\"padding-bottom:0\">\n<h2 class=\"wp-block-heading has-text-align-left has-text-color has-link-color has-inter-font-family wp-elements-1950e43fa6d53e2983d92fa6af43995d\" style=\"color:#0b203b\">Nossa Lideran\u00e7a<\/h2>\n\n\n\n<p>Alexandre Sansone Pacheco \u00e9 advogado e consultor jur\u00eddico nas \u00e1reas empresarial, banc\u00e1ria e tribut\u00e1ria, com extensa experi\u00eancia no mundo corporativo. \u00c9 professor na Escola de Administra\u00e7\u00e3o de Empresas da Funda\u00e7\u00e3o Get\u00falio Vargas (FGV\/SP) e em diversas institui\u00e7\u00f5es de ensino superior, em direito empresarial, tribut\u00e1rio e legisla\u00e7\u00e3o dos Mercados Financeiro e de Capitais. \u00c9 Doutor e Mestre em Direito pela PUC\/SP. No Instituto dos Advogados de S\u00e3o Paulo (IASP), atua como \u00c1rbitro da Comiss\u00e3o de Media\u00e7\u00e3o e Arbitragem e como Presidente da Comiss\u00e3o Permanente de Estudos de Direito Banc\u00e1rio. Autor do Manual de Legisla\u00e7\u00e3o do Mercado Financeiro e do Manual de Tributa\u00e7\u00e3o dos Investimentos dos Mercados Financeiro e de Capitais. Colabora em mat\u00e9ria t\u00e9cnica com diferentes entidades da sociedade civil.<\/p>\n<\/div>\n\n\n\n<hr class=\"wp-block-separator has-text-color has-foreground-alt-color has-alpha-channel-opacity has-foreground-alt-background-color has-background is-style-dots\"\/>\n<\/div>\n\n\n\n<div class=\"wp-block-group alignfull has-background-background-color has-background has-global-padding is-layout-constrained wp-container-core-group-is-layout-33d565d4 wp-block-group-is-layout-constrained\" id=\"servicos\" style=\"margin-top:0;margin-bottom:var(--wp--preset--spacing--20);padding-top:var(--wp--preset--spacing--40);padding-right:var(--wp--preset--spacing--30);padding-bottom:var(--wp--preset--spacing--40);padding-left:var(--wp--preset--spacing--30)\">\n<div class=\"wp-block-group alignwide is-vertical is-layout-flex wp-container-core-group-is-layout-e41e3bbb wp-block-group-is-layout-flex\" style=\"margin-top:0;margin-bottom:0;padding-top:0;padding-bottom:0\">\n<h2 class=\"wp-block-heading has-text-color has-link-color has-inter-font-family wp-elements-768ee08ed0dd9e456d013e26e8d75665\" style=\"color:#0b203b\">Servi\u00e7os<\/h2>\n<\/div>\n\n\n\n<div class=\"wp-block-group alignwide is-vertical is-layout-flex wp-container-core-group-is-layout-4b827052 wp-block-group-is-layout-flex\">\n<h2 class=\"wp-block-heading has-text-color has-link-color has-inter-font-family wp-elements-cf978632d2790cfd3c1c8f19749bb581\" style=\"color:#0b203b;font-size:clamp(16.293px, 1.018rem + ((1vw - 3.2px) * 0.907), 25px);line-height:1\">Consultoria Empresarial<\/h2>\n\n\n\n<p class=\"has-small-font-size\" style=\"margin-top:8px;line-height:1.4\">Auxiliamos Empresas, Empres\u00e1rios e Empreendedores na tomada de decis\u00e3o, naquilo que diz respeito \u00e0 mat\u00e9ria jur\u00eddica, em consultas e pareceres jur\u00eddicos (opini\u00f5es legais).<\/p>\n<\/div>\n\n\n\n<div class=\"wp-block-group alignwide is-vertical is-layout-flex wp-container-core-group-is-layout-4b827052 wp-block-group-is-layout-flex\">\n<h2 class=\"wp-block-heading has-text-color has-link-color has-inter-font-family wp-elements-1e5272539a80f6632552715ca62814b8\" style=\"color:#0b203b;font-size:clamp(16.293px, 1.018rem + ((1vw - 3.2px) * 0.907), 25px);line-height:1\">Contencioso Empresarial<\/h2>\n\n\n\n<p class=\"has-small-font-size\" style=\"margin-top:8px;line-height:1.4\">Atuamos em contencioso empresarial, nas inst\u00e2ncias judiciais e administrativas, com especial destaque para os Tribunais Superiores e para os Tribunais locais e federais.<\/p>\n<\/div>\n\n\n\n<div class=\"wp-block-group alignwide is-vertical is-layout-flex wp-container-core-group-is-layout-4b827052 wp-block-group-is-layout-flex\">\n<h2 class=\"wp-block-heading has-text-color has-link-color has-inter-font-family wp-elements-24d165b272f2c5e26c84296c4dacdffd\" style=\"color:#0b203b;font-size:clamp(16.293px, 1.018rem + ((1vw - 3.2px) * 0.907), 25px);line-height:1\">Rela\u00e7\u00f5es Governamentais<\/h2>\n\n\n\n<p class=\"has-small-font-size\" style=\"margin-top:8px;line-height:1.4\">Representamos nossos clientes perante Reparti\u00e7\u00f5es P\u00fablicas e Autarquias, acompanhando o andamento de suas demandas nos \u00e2mbitos Federal, Estadual e Municipal.<\/p>\n<\/div>\n\n\n\n<div class=\"wp-block-group alignwide is-vertical is-layout-flex wp-container-core-group-is-layout-4b827052 wp-block-group-is-layout-flex\">\n<h2 class=\"wp-block-heading has-text-color has-link-color has-inter-font-family wp-elements-56f7b4c4802d50eb83289c3cfcc1fa26\" style=\"color:#0b203b;font-size:clamp(16.293px, 1.018rem + ((1vw - 3.2px) * 0.907), 25px);line-height:1\">Palestras, Cursos, Eventos<\/h2>\n\n\n\n<p class=\"has-small-font-size\" style=\"margin-top:8px;line-height:1.4\">Atendemos nossos clientes no treinamento de seu pessoal, executivos e s\u00f3cios, em palestras, cursos e eventos corporativos.<\/p>\n<\/div>\n\n\n\n<div class=\"wp-block-group alignwide is-vertical is-layout-flex wp-container-core-group-is-layout-4b827052 wp-block-group-is-layout-flex\">\n<h2 class=\"wp-block-heading has-text-color has-link-color has-inter-font-family wp-elements-59c0e958cc650b30a6a47478a94eba7c\" style=\"color:#0b203b;font-size:clamp(16.293px, 1.018rem + ((1vw - 3.2px) * 0.907), 25px);line-height:1\">Conselhos<\/h2>\n\n\n\n<p class=\"has-small-font-size\" style=\"margin-top:8px;line-height:1.4\">Auxiliamos clientes em Conselhos de sociedades, atuando como Conselheiros e, ainda, conduzindo apresenta\u00e7\u00f5es, preparando relat\u00f3rios t\u00e9cnicos e esclarecendo quest\u00f5es jur\u00eddicas e cen\u00e1rios institucionais em reuni\u00f5es de Conselhos.<\/p>\n<\/div>\n<\/div>\n\n\n\n<hr class=\"wp-block-separator has-text-color has-foreground-alt-color has-alpha-channel-opacity has-foreground-alt-background-color has-background is-style-dots\" style=\"margin-top:0;margin-bottom:0\"\/>\n\n\n\n<div class=\"wp-block-group alignfull has-background-background-color has-background has-global-padding is-layout-constrained wp-block-group-is-layout-constrained\" id=\"livros\" style=\"margin-top:0;margin-bottom:0;padding-top:var(--wp--preset--spacing--40);padding-bottom:var(--wp--preset--spacing--40)\">\n<div class=\"wp-block-group alignwide is-vertical is-layout-flex wp-container-core-group-is-layout-5f37737a wp-block-group-is-layout-flex\" style=\"padding-bottom:0\">\n<h2 class=\"wp-block-heading has-text-color has-link-color has-inter-font-family wp-elements-30b4238f64c0a172c8a1151ec9108882\" style=\"color:#0b203b\">Livros<\/h2>\n\n\n\n<div class=\"wp-block-columns is-layout-flex wp-container-core-columns-is-layout-a5331a9e wp-block-columns-is-layout-flex\" style=\"padding-top:0;padding-right:0;padding-bottom:0;padding-left:0\">\n<div class=\"wp-block-column has-border-color has-tertiary-border-color is-layout-flow wp-block-column-is-layout-flow\" style=\"border-width:1px;padding-top:var(--wp--preset--spacing--20);padding-right:var(--wp--preset--spacing--20);padding-bottom:var(--wp--preset--spacing--20);padding-left:var(--wp--preset--spacing--20)\">\n<div class=\"wp-block-media-text is-stacked-on-mobile\" style=\"grid-template-columns:40% auto\"><figure class=\"wp-block-media-text__media\"><img loading=\"lazy\" decoding=\"async\" width=\"768\" height=\"768\" src=\"https:\/\/spacheco.adv.br\/wp-content\/uploads\/2025\/08\/manual-legislacao-768x768-1.jpg\" alt=\"\" class=\"wp-image-142 size-full\" srcset=\"https:\/\/spacheco.adv.br\/wp-content\/uploads\/2025\/08\/manual-legislacao-768x768-1.jpg 768w, https:\/\/spacheco.adv.br\/wp-content\/uploads\/2025\/08\/manual-legislacao-768x768-1-300x300.jpg 300w, https:\/\/spacheco.adv.br\/wp-content\/uploads\/2025\/08\/manual-legislacao-768x768-1-150x150.jpg 150w\" sizes=\"auto, (max-width: 768px) 100vw, 768px\" \/><\/figure><div class=\"wp-block-media-text__content\">\n<p class=\"has-text-color has-link-color wp-elements-0370eac568a922c6993c372a7e7b6d2f\" style=\"color:#0b203b;line-height:1.4\"><strong>Manual de Legisla\u00e7\u00e3o do Mercado Financeiro \u2013 <\/strong>Tomo I: Conceitos fundamentais \u2013 Moeda, Cr\u00e9dito, C\u00e2mbio e Risco: 1\u00aa vers\u00e3o \u2013 Atualizada at\u00e9 31\/03\/2025<\/p>\n\n\n\n<div class=\"wp-block-buttons is-content-justification-right is-layout-flex wp-container-core-buttons-is-layout-d445cf74 wp-block-buttons-is-layout-flex\">\n<div class=\"wp-block-button has-custom-width wp-block-button__width-100 is-style-outline is-style-outline--1\"><a class=\"wp-block-button__link has-text-color has-link-color has-border-color wp-element-button\" href=\"https:\/\/www.amazon.com.br\/dp\/B0FKN1H9XW\" style=\"border-color:#0b203b;border-radius:5px;color:#0b203b\" target=\"_blank\" rel=\"noreferrer noopener\">\ud83d\uded2 Comprar<\/a><\/div>\n<\/div>\n<\/div><\/div>\n<\/div>\n\n\n\n<div class=\"wp-block-column has-border-color has-tertiary-border-color is-layout-flow wp-block-column-is-layout-flow\" style=\"border-width:1px;padding-top:var(--wp--preset--spacing--20);padding-right:var(--wp--preset--spacing--20);padding-bottom:var(--wp--preset--spacing--20);padding-left:var(--wp--preset--spacing--20)\">\n<div class=\"wp-block-media-text is-stacked-on-mobile\" style=\"grid-template-columns:40% auto\"><figure class=\"wp-block-media-text__media\"><img loading=\"lazy\" decoding=\"async\" width=\"768\" height=\"768\" src=\"https:\/\/spacheco.adv.br\/wp-content\/uploads\/2026\/03\/tomo2-768x768-1.jpg\" alt=\"\" class=\"wp-image-151 size-full\" srcset=\"https:\/\/spacheco.adv.br\/wp-content\/uploads\/2026\/03\/tomo2-768x768-1.jpg 768w, https:\/\/spacheco.adv.br\/wp-content\/uploads\/2026\/03\/tomo2-768x768-1-300x300.jpg 300w, https:\/\/spacheco.adv.br\/wp-content\/uploads\/2026\/03\/tomo2-768x768-1-150x150.jpg 150w\" sizes=\"auto, (max-width: 768px) 100vw, 768px\" \/><\/figure><div class=\"wp-block-media-text__content\">\n<p class=\"has-text-color has-link-color wp-elements-f280da0cef3973d94db53981fa2c78b4\" style=\"color:#0b203b;line-height:1.4\"><strong>Manual de Legisla\u00e7\u00e3o do Mercado Financeiro <strong>\u2013<\/strong> <\/strong>Tomo II: Sistema Financeiro Nacional e suas Entidades: 1\u00aa Edi\u00e7\u00e3o &#8211; Atualizada at\u00e9 31\/12\/2025<\/p>\n\n\n\n<div class=\"wp-block-buttons is-content-justification-right is-layout-flex wp-container-core-buttons-is-layout-d445cf74 wp-block-buttons-is-layout-flex\">\n<div class=\"wp-block-button has-custom-width wp-block-button__width-100 is-style-outline is-style-outline--2\"><a class=\"wp-block-button__link has-text-color has-link-color has-border-color wp-element-button\" href=\"https:\/\/www.amazon.com.br\/Manual-Legisla%C3%A7%C3%A3o-Mercado-Financeiro-Atualizada\/dp\/6527090544\" style=\"border-color:#0b203b;border-radius:5px;color:#0b203b\" target=\"_blank\" rel=\"noreferrer noopener\">\ud83d\uded2 Comprar<\/a><\/div>\n<\/div>\n<\/div><\/div>\n<\/div>\n<\/div>\n\n\n\n<div class=\"wp-block-columns is-layout-flex wp-container-core-columns-is-layout-28f84493 wp-block-columns-is-layout-flex\">\n<div class=\"wp-block-column has-border-color has-tertiary-border-color is-layout-flow wp-block-column-is-layout-flow\" style=\"border-width:1px;border-radius:0px;padding-top:var(--wp--preset--spacing--20);padding-right:var(--wp--preset--spacing--20);padding-bottom:var(--wp--preset--spacing--20);padding-left:var(--wp--preset--spacing--20)\">\n<div class=\"wp-block-media-text is-stacked-on-mobile\" style=\"grid-template-columns:40% auto\"><figure class=\"wp-block-media-text__media\"><a href=\"http:\/\/spacheco.adv.br\/wp-content\/uploads\/2025\/03\/financeiro.jpg\"><img loading=\"lazy\" decoding=\"async\" width=\"1024\" height=\"1024\" src=\"http:\/\/spacheco.adv.br\/wp-content\/uploads\/2025\/03\/financeiro-1024x1024.jpg\" alt=\"\" class=\"wp-image-87 size-full\" srcset=\"https:\/\/spacheco.adv.br\/wp-content\/uploads\/2025\/03\/financeiro-1024x1024.jpg 1024w, https:\/\/spacheco.adv.br\/wp-content\/uploads\/2025\/03\/financeiro-300x300.jpg 300w, https:\/\/spacheco.adv.br\/wp-content\/uploads\/2025\/03\/financeiro-150x150.jpg 150w, https:\/\/spacheco.adv.br\/wp-content\/uploads\/2025\/03\/financeiro-768x768.jpg 768w, https:\/\/spacheco.adv.br\/wp-content\/uploads\/2025\/03\/financeiro.jpg 1080w\" sizes=\"auto, (max-width: 1024px) 100vw, 1024px\" \/><\/a><\/figure><div class=\"wp-block-media-text__content\">\n<p class=\"has-text-color has-link-color wp-elements-b2aababdc6ebac0672b53f852d4cdf96\" style=\"color:#0b203b;line-height:1.4\"><strong>Manual de Tributa\u00e7\u00e3o dos Investimentos dos Mercados Financeiro e de Capitais<\/strong>: aplica\u00e7\u00f5es financeiras de Renda Fixa, Renda Vari\u00e1vel e Fundos de Investimento.<\/p>\n\n\n\n<div class=\"wp-block-buttons is-content-justification-right is-layout-flex wp-container-core-buttons-is-layout-d445cf74 wp-block-buttons-is-layout-flex\">\n<div class=\"wp-block-button has-custom-width wp-block-button__width-100 is-style-outline is-style-outline--3\"><a class=\"wp-block-button__link has-text-color has-link-color has-border-color wp-element-button\" href=\"https:\/\/www.amazon.com.br\/dp\/652529018X\/\" style=\"border-color:#0b203b;border-radius:5px;color:#0b203b\" target=\"_blank\" rel=\"noreferrer noopener\">\ud83d\uded2 Comprar<\/a><\/div>\n<\/div>\n<\/div><\/div>\n<\/div>\n\n\n\n<div class=\"wp-block-column has-border-color has-tertiary-border-color is-layout-flow wp-block-column-is-layout-flow\" style=\"border-width:1px;padding-top:var(--wp--preset--spacing--20);padding-right:var(--wp--preset--spacing--20);padding-bottom:var(--wp--preset--spacing--20);padding-left:var(--wp--preset--spacing--20)\">\n<div class=\"wp-block-media-text is-stacked-on-mobile\" style=\"grid-template-columns:40% auto\"><figure class=\"wp-block-media-text__media\"><img loading=\"lazy\" decoding=\"async\" width=\"1024\" height=\"1024\" src=\"http:\/\/spacheco.adv.br\/wp-content\/uploads\/2025\/03\/teoria-1024x1024.jpg\" alt=\"\" class=\"wp-image-88 size-full\" srcset=\"https:\/\/spacheco.adv.br\/wp-content\/uploads\/2025\/03\/teoria-1024x1024.jpg 1024w, https:\/\/spacheco.adv.br\/wp-content\/uploads\/2025\/03\/teoria-300x300.jpg 300w, https:\/\/spacheco.adv.br\/wp-content\/uploads\/2025\/03\/teoria-150x150.jpg 150w, https:\/\/spacheco.adv.br\/wp-content\/uploads\/2025\/03\/teoria-768x768.jpg 768w, https:\/\/spacheco.adv.br\/wp-content\/uploads\/2025\/03\/teoria.jpg 1080w\" sizes=\"auto, (max-width: 1024px) 100vw, 1024px\" \/><\/figure><div class=\"wp-block-media-text__content\">\n<p class=\"has-text-color has-link-color wp-elements-40c4eeb2c61095eba53a74e31b414577\" style=\"color:#0b203b;line-height:1.4\"><strong>Aspectos da Teoria Geral do Direito Banc\u00e1rio<\/strong>: a moeda e o Sistema Financeiro Nacional e Internacional (Em coautoria com o Prof. Haroldo Malheiros Duclerc Ver\u00e7osa)<\/p>\n\n\n\n<div class=\"wp-block-buttons is-content-justification-right is-layout-flex wp-container-core-buttons-is-layout-d445cf74 wp-block-buttons-is-layout-flex\">\n<div class=\"wp-block-button has-custom-width wp-block-button__width-100 is-style-outline is-style-outline--4\"><a class=\"wp-block-button__link has-text-color has-link-color has-border-color wp-element-button\" href=\"https:\/\/www.amazon.com.br\/dp\/B0BPMLCX8P\/\" style=\"border-color:#0b203b;border-radius:5px;color:#0b203b\" target=\"_blank\" rel=\"noreferrer noopener\">\ud83d\uded2 Comprar<\/a><\/div>\n<\/div>\n<\/div><\/div>\n<\/div>\n<\/div>\n\n\n\n<div class=\"wp-block-columns is-layout-flex wp-container-core-columns-is-layout-a5331a9e wp-block-columns-is-layout-flex\" style=\"padding-top:0;padding-right:0;padding-bottom:0;padding-left:0\">\n<div class=\"wp-block-column has-border-color has-tertiary-border-color is-layout-flow wp-block-column-is-layout-flow\" style=\"border-width:1px;padding-top:var(--wp--preset--spacing--20);padding-right:var(--wp--preset--spacing--20);padding-bottom:var(--wp--preset--spacing--20);padding-left:var(--wp--preset--spacing--20)\">\n<div class=\"wp-block-media-text is-stacked-on-mobile\" style=\"grid-template-columns:40% auto\"><figure class=\"wp-block-media-text__media\"><img loading=\"lazy\" decoding=\"async\" width=\"1024\" height=\"1024\" src=\"http:\/\/spacheco.adv.br\/wp-content\/uploads\/2025\/03\/tributacao-1024x1024.jpg\" alt=\"\" class=\"wp-image-89 size-full\" srcset=\"https:\/\/spacheco.adv.br\/wp-content\/uploads\/2025\/03\/tributacao-1024x1024.jpg 1024w, https:\/\/spacheco.adv.br\/wp-content\/uploads\/2025\/03\/tributacao-300x300.jpg 300w, https:\/\/spacheco.adv.br\/wp-content\/uploads\/2025\/03\/tributacao-150x150.jpg 150w, https:\/\/spacheco.adv.br\/wp-content\/uploads\/2025\/03\/tributacao-768x768.jpg 768w, https:\/\/spacheco.adv.br\/wp-content\/uploads\/2025\/03\/tributacao.jpg 1080w\" sizes=\"auto, (max-width: 1024px) 100vw, 1024px\" \/><\/figure><div class=\"wp-block-media-text__content\">\n<p class=\"has-text-color has-link-color wp-elements-68403cd76505ccd6120923d7cc754178\" style=\"color:#0b203b;line-height:1.4\"><strong>Tributa\u00e7\u00e3o das Transa\u00e7\u00f5es Financeiras<\/strong>: Financial Transaction tax e Suas Esp\u00e9cies<\/p>\n\n\n\n<div class=\"wp-block-buttons is-content-justification-right is-layout-flex wp-container-core-buttons-is-layout-d445cf74 wp-block-buttons-is-layout-flex\">\n<div class=\"wp-block-button has-custom-width wp-block-button__width-100 is-style-outline is-style-outline--5\"><a class=\"wp-block-button__link has-text-color has-link-color has-border-color wp-element-button\" href=\"https:\/\/www.amazon.com.br\/dp\/6586115817\" style=\"border-color:#0b203b;border-radius:5px;color:#0b203b\" target=\"_blank\" rel=\"noreferrer noopener\">\ud83d\uded2 Comprar<\/a><\/div>\n<\/div>\n<\/div><\/div>\n<\/div>\n\n\n\n<div class=\"wp-block-column has-border-color has-tertiary-border-color is-layout-flow wp-block-column-is-layout-flow\" style=\"border-width:1px;padding-top:var(--wp--preset--spacing--20);padding-right:var(--wp--preset--spacing--20);padding-bottom:var(--wp--preset--spacing--20);padding-left:var(--wp--preset--spacing--20)\">\n<div class=\"wp-block-media-text is-stacked-on-mobile\" style=\"grid-template-columns:40% auto\"><figure class=\"wp-block-media-text__media\"><img loading=\"lazy\" decoding=\"async\" width=\"1024\" height=\"1024\" src=\"http:\/\/spacheco.adv.br\/wp-content\/uploads\/2025\/03\/responsavel-1024x1024.jpg\" alt=\"\" class=\"wp-image-90 size-full\" srcset=\"https:\/\/spacheco.adv.br\/wp-content\/uploads\/2025\/03\/responsavel-1024x1024.jpg 1024w, https:\/\/spacheco.adv.br\/wp-content\/uploads\/2025\/03\/responsavel-300x300.jpg 300w, https:\/\/spacheco.adv.br\/wp-content\/uploads\/2025\/03\/responsavel-150x150.jpg 150w, https:\/\/spacheco.adv.br\/wp-content\/uploads\/2025\/03\/responsavel-768x768.jpg 768w, https:\/\/spacheco.adv.br\/wp-content\/uploads\/2025\/03\/responsavel.jpg 1080w\" sizes=\"auto, (max-width: 1024px) 100vw, 1024px\" \/><\/figure><div class=\"wp-block-media-text__content\">\n<p class=\"has-text-color has-link-color wp-elements-a2a455e9052612aa4b42692aea10915d\" style=\"color:#0b203b;line-height:1.4\"><strong>O respons\u00e1vel por substitui\u00e7\u00e3o como agente p\u00fablico<\/strong><\/p>\n\n\n\n<div class=\"wp-block-buttons is-content-justification-right is-layout-flex wp-container-core-buttons-is-layout-d445cf74 wp-block-buttons-is-layout-flex\">\n<div class=\"wp-block-button has-custom-width wp-block-button__width-100 is-style-outline is-style-outline--6\"><a class=\"wp-block-button__link has-text-color has-link-color has-border-color wp-element-button\" href=\"https:\/\/www.amazon.com.br\/dp\/B07YBD7J68\" style=\"border-color:#0b203b;border-radius:5px;color:#0b203b\" target=\"_blank\" rel=\"noreferrer noopener\">\ud83d\uded2 Comprar<\/a><\/div>\n<\/div>\n<\/div><\/div>\n<\/div>\n<\/div>\n<\/div>\n<\/div>\n\n\n\n<hr class=\"wp-block-separator has-text-color has-foreground-alt-color has-alpha-channel-opacity has-foreground-alt-background-color has-background is-style-dots\" style=\"margin-top:0;margin-bottom:0\"\/>\n\n\n\n<div class=\"wp-block-group alignfull has-background-background-color has-background has-global-padding is-layout-constrained wp-block-group-is-layout-constrained\" id=\"ondeencontrar\" style=\"margin-top:0;margin-bottom:0;padding-top:var(--wp--preset--spacing--40);padding-bottom:var(--wp--preset--spacing--40)\">\n<div class=\"wp-block-group alignwide is-vertical is-layout-flex wp-container-core-group-is-layout-5f37737a wp-block-group-is-layout-flex\" style=\"padding-bottom:0\">\n<h2 class=\"wp-block-heading has-text-color has-link-color has-inter-font-family wp-elements-f145bde597f8230779e8f7a905e87ae1\" style=\"color:#0b203b\">Onde Encontrar<\/h2>\n<\/div>\n\n\n\n<div class=\"wp-block-columns alignwide is-layout-flex wp-container-core-columns-is-layout-28f84493 wp-block-columns-is-layout-flex\">\n<div class=\"wp-block-column is-layout-flow wp-block-column-is-layout-flow\">\n<figure class=\"wp-block-image aligncenter size-full\"><a href=\"https:\/\/www.linkedin.com\/in\/alexpachecoprof\/\" target=\"_blank\" rel=\" noreferrer noopener\"><img loading=\"lazy\" decoding=\"async\" width=\"412\" height=\"120\" src=\"https:\/\/spacheco.adv.br\/wp-content\/uploads\/2025\/03\/linkedin.jpg\" alt=\"\" class=\"wp-image-102\" srcset=\"https:\/\/spacheco.adv.br\/wp-content\/uploads\/2025\/03\/linkedin.jpg 412w, https:\/\/spacheco.adv.br\/wp-content\/uploads\/2025\/03\/linkedin-300x87.jpg 300w\" sizes=\"auto, (max-width: 412px) 100vw, 412px\" \/><\/a><\/figure>\n<\/div>\n\n\n\n<div class=\"wp-block-column is-vertically-aligned-center is-layout-flow wp-block-column-is-layout-flow\">\n<div class=\"wp-block-columns is-layout-flex wp-container-core-columns-is-layout-28f84493 wp-block-columns-is-layout-flex\">\n<div class=\"wp-block-column is-layout-flow wp-block-column-is-layout-flow\" style=\"flex-basis:100%\">\n<figure class=\"wp-block-image aligncenter size-full\"><a href=\"http:\/\/lattes.cnpq.br\/0083002279606740\"><img loading=\"lazy\" decoding=\"async\" width=\"332\" height=\"120\" src=\"https:\/\/spacheco.adv.br\/wp-content\/uploads\/2025\/03\/lattes-1.jpg\" alt=\"\" class=\"wp-image-108\" srcset=\"https:\/\/spacheco.adv.br\/wp-content\/uploads\/2025\/03\/lattes-1.jpg 332w, https:\/\/spacheco.adv.br\/wp-content\/uploads\/2025\/03\/lattes-1-300x108.jpg 300w\" sizes=\"auto, (max-width: 332px) 100vw, 332px\" \/><\/a><\/figure>\n<\/div>\n<\/div>\n<\/div>\n\n\n\n<div class=\"wp-block-column is-vertically-aligned-center is-layout-flow wp-block-column-is-layout-flow\">\n<figure class=\"wp-block-image aligncenter size-full\"><a href=\"https:\/\/eaesp.fgv.br\/pessoa\/alexandre-sansone-pacheco\" target=\"_blank\" rel=\" noreferrer noopener\"><img loading=\"lazy\" decoding=\"async\" width=\"500\" height=\"120\" src=\"https:\/\/spacheco.adv.br\/wp-content\/uploads\/2025\/03\/fgv.jpg\" alt=\"\" class=\"wp-image-103\" srcset=\"https:\/\/spacheco.adv.br\/wp-content\/uploads\/2025\/03\/fgv.jpg 500w, https:\/\/spacheco.adv.br\/wp-content\/uploads\/2025\/03\/fgv-300x72.jpg 300w\" sizes=\"auto, (max-width: 500px) 100vw, 500px\" \/><\/a><\/figure>\n<\/div>\n\n\n\n<div class=\"wp-block-column is-vertically-aligned-center is-layout-flow wp-block-column-is-layout-flow\">\n<figure class=\"wp-block-image aligncenter size-full\"><a href=\"https:\/\/www.iasp.org.br\/institucional\/corpo-do-instituto\/comissoes-de-estudos\/\" target=\"_blank\" rel=\" noreferrer noopener\"><img loading=\"lazy\" decoding=\"async\" width=\"332\" height=\"120\" src=\"https:\/\/spacheco.adv.br\/wp-content\/uploads\/2025\/03\/iasp.jpg\" alt=\"\" class=\"wp-image-104\" srcset=\"https:\/\/spacheco.adv.br\/wp-content\/uploads\/2025\/03\/iasp.jpg 332w, https:\/\/spacheco.adv.br\/wp-content\/uploads\/2025\/03\/iasp-300x108.jpg 300w\" sizes=\"auto, (max-width: 332px) 100vw, 332px\" \/><\/a><\/figure>\n<\/div>\n\n\n\n<div class=\"wp-block-column is-vertically-aligned-center is-layout-flow wp-block-column-is-layout-flow\">\n<figure class=\"wp-block-image aligncenter size-full is-resized\"><a href=\"https:\/\/www.cma-iasp.org.br\/arbitragem\" target=\"_blank\" rel=\" noreferrer noopener\"><img loading=\"lazy\" decoding=\"async\" width=\"165\" height=\"120\" src=\"https:\/\/spacheco.adv.br\/wp-content\/uploads\/2025\/08\/iasp_logo2-1.jpg\" alt=\"\" class=\"wp-image-145\" style=\"width:110px;height:auto\"\/><\/a><\/figure>\n<\/div>\n\n\n\n<div class=\"wp-block-column is-vertically-aligned-center is-layout-flow wp-block-column-is-layout-flow\">\n<figure class=\"wp-block-image aligncenter size-full\"><a href=\"https:\/\/www.amazon.com.br\/stores\/author\/B0CKD1NVQY\" target=\"_blank\" rel=\" noreferrer noopener\"><img loading=\"lazy\" decoding=\"async\" width=\"332\" height=\"120\" src=\"https:\/\/spacheco.adv.br\/wp-content\/uploads\/2025\/03\/amazon.jpg\" alt=\"\" class=\"wp-image-105\" srcset=\"https:\/\/spacheco.adv.br\/wp-content\/uploads\/2025\/03\/amazon.jpg 332w, https:\/\/spacheco.adv.br\/wp-content\/uploads\/2025\/03\/amazon-300x108.jpg 300w\" sizes=\"auto, (max-width: 332px) 100vw, 332px\" \/><\/a><\/figure>\n<\/div>\n<\/div>\n<\/div>\n\n\n\n<hr class=\"wp-block-separator has-text-color has-foreground-alt-color has-alpha-channel-opacity has-foreground-alt-background-color has-background is-style-dots\"\/>\n\n\n\n<div class=\"wp-block-group alignfull has-background-background-color has-background has-global-padding is-layout-constrained wp-block-group-is-layout-constrained\" id=\"contato\" style=\"margin-top:0;margin-bottom:0;padding-top:var(--wp--preset--spacing--40);padding-bottom:var(--wp--preset--spacing--40)\">\n<div class=\"wp-block-group alignwide is-vertical is-layout-flex wp-container-core-group-is-layout-5f37737a wp-block-group-is-layout-flex\" style=\"padding-bottom:0\">\n<h2 class=\"wp-block-heading has-text-align-center has-text-color has-link-color has-inter-font-family wp-elements-092c9b4de1a656180c0c7ab819fa0de7\" style=\"color:#0b203b\">Contato<\/h2>\n\n\n\n<p class=\"has-text-align-center\"><a href=\"mailto:spacheco@spacheco.adv.br\">spacheco@spacheco.adv.br<\/a><\/p>\n<\/div>\n<\/div>\n","protected":false},"excerpt":{"rendered":"<p>Quem Somos Fundada em 2010, Sansone Pacheco Advocacia \u00e9 especializada em advocacia empresarial, banc\u00e1ria, tribut\u00e1ria e arbitragem. Nossa Lideran\u00e7a Alexandre Sansone Pacheco \u00e9 advogado e consultor jur\u00eddico nas \u00e1reas empresarial, banc\u00e1ria e tribut\u00e1ria, com extensa experi\u00eancia no mundo corporativo. \u00c9 professor na Escola de Administra\u00e7\u00e3o de Empresas da Funda\u00e7\u00e3o Get\u00falio Vargas (FGV\/SP) e em diversas [&hellip;]<\/p>\n","protected":false},"author":1,"featured_media":0,"parent":0,"menu_order":0,"comment_status":"closed","ping_status":"closed","template":"no-title-sticky-header","meta":{"footnotes":""},"class_list":["post-21","page","type-page","status-publish","hentry"],"_links":{"self":[{"href":"https:\/\/spacheco.adv.br\/index.php?rest_route=\/wp\/v2\/pages\/21","targetHints":{"allow":["GET"]}}],"collection":[{"href":"https:\/\/spacheco.adv.br\/index.php?rest_route=\/wp\/v2\/pages"}],"about":[{"href":"https:\/\/spacheco.adv.br\/index.php?rest_route=\/wp\/v2\/types\/page"}],"author":[{"embeddable":true,"href":"https:\/\/spacheco.adv.br\/index.php?rest_route=\/wp\/v2\/users\/1"}],"replies":[{"embeddable":true,"href":"https:\/\/spacheco.adv.br\/index.php?rest_route=%2Fwp%2Fv2%2Fcomments&post=21"}],"version-history":[{"count":16,"href":"https:\/\/spacheco.adv.br\/index.php?rest_route=\/wp\/v2\/pages\/21\/revisions"}],"predecessor-version":[{"id":155,"href":"https:\/\/spacheco.adv.br\/index.php?rest_route=\/wp\/v2\/pages\/21\/revisions\/155"}],"wp:attachment":[{"href":"https:\/\/spacheco.adv.br\/index.php?rest_route=%2Fwp%2Fv2%2Fmedia&parent=21"}],"curies":[{"name":"wp","href":"https:\/\/api.w.org\/{rel}","templated":true}]}}